{"id":8380,"date":"2018-10-29T11:05:00","date_gmt":"2018-10-29T10:05:00","guid":{"rendered":"https:\/\/www.bridge4mobility.com\/?page_id=8380"},"modified":"2024-06-18T16:29:59","modified_gmt":"2024-06-18T14:29:59","slug":"inscripcio-privacitat","status":"publish","type":"page","link":"https:\/\/www.bridge4mobility.com\/ca\/inscripcio-privacitat\/","title":{"rendered":"Inscripci\u00f3 &#8211; pol\u00edtica de privacitat"},"content":{"rendered":"[vc_row][vc_column][vc_column_text]\n<p style=\"text-align: justify;\"><strong>BRIDGE4MOBILITY, S.L.<\/strong> \u00e9s el <strong>Responsable del tracte<\/strong> de les dades personals de l\u2019<strong>Interessat<\/strong> i li informa que aquestes dades ser\u00e1n tractades amb conformitat amb el disposat a les normatives vigents en protecci\u00f3n de dades personals, el Reglament (UE) 2016\/679 de 27 d\u2019abril de 2016 (GDPR), pel qual se li facilita la seg\u00fcent informaci\u00f3n del tractat:<\/p>\n[\/vc_column_text][vc_column_text]\n<p style=\"text-align: justify;\"><strong>Fi del tractament: <\/strong>prestar el servei sol\u00b7licitat.<\/p>\n[\/vc_column_text][vc_column_text]\n<p style=\"text-align: justify;\"><strong>Base de Legitimaci\u00f3:\u00a0<\/strong>el consentiment inequ\u00edvoc de l\u2019interessat, a trav\u00e9s de la firma o acceptaci\u00f3 d\u2019aquesta inscripci\u00f3. En tot moment podr\u00e1 retirar el seu consentiment.<\/p>\n[\/vc_column_text][vc_column_text]\n<p style=\"text-align: justify;\"><strong>Tipologia de dades sol\u00b7licitades<\/strong>: les dades sol\u00b7licitades s\u00f3n necessaries per poder ajustar la\u00a0 nostra oferta a les caracter\u00edstiques espec\u00edfiques de l\u2019Interessat (informaci\u00f3 acad\u00e8mica, experi\u00e8ncia laboral, fotograf\u00eda, aspectos generals de salud i\/o cre\u00e8ncies que pogu\u00e9ssin condicionar el lloc ofertat)<\/p>\n[\/vc_column_text][vc_column_text]\n<p style=\"text-align: justify;\"><strong>Criteris de conservaci\u00f3 de les dades<\/strong>: en cas de produ\u00efrse alguna modificaci\u00f3 a les seves dades, li roguem ens ho comuniqui per escrit lo m\u00e9s aviat posible, amb l\u2019objectiu de mantenir les seves dades correctament actualitzades.<\/p>\n[\/vc_column_text][vc_column_text]\n<p style=\"text-align: justify;\"><strong>Actualitzaci\u00f3 de dades<\/strong>: en caso de producirse alguna modificaci\u00f3n en sus datos, le rogamos nos lo comunique por escrito lo antes posible, con objeto de mantener sus datos debidamente actualizados.<\/p>\n[\/vc_column_text][vc_column_text]\n<p style=\"text-align: justify;\"><strong>Transfer\u00e8ncia internacional de dades<\/strong>: informem que, en cas que la comunicaci\u00f3 es realitzi per WhatsApp, es produeix una transer\u00e8ncia internacional de dades per trovar-se els servidors d\u2019aquesta companyia a USA. En tot moment podr\u00e0 retirar el seu consentiment per comunicar-nos per aquesta v\u00eda.<\/p>\n[\/vc_column_text][vc_column_text]\n<p style=\"text-align: justify;\"><strong>Comunicaci\u00f3 de les dades<\/strong>: a les empreses interessades en contractar a l\u2019interessat i, si \u00e9s necessari, per obligaci\u00f3 legal.<\/p>\n[\/vc_column_text][vc_column_text]\n<h3 style=\"text-align: justify;\"><strong>Drets que assisteixen a l\u2019interessat:<\/strong><\/h3>\n<ul style=\"text-align: justify;\">\n<li>Dret a retirar el consentiment en qualsevol moment.<\/li>\n<li>Dret d\u2019acc\u00e9s, rectificaci\u00f3, portabilitat i supressi\u00f3 de les seves dades i a la limitaci\u00f3 o oposici\u00f3 al seu tractament.<\/li>\n<li>Dret a presentar una reclamaci\u00f3 davant la Autoritat de control control (www.aepd.es) si considera que el tractament no s\u2019ajusta a la normativa vigent.<\/li>\n<\/ul>\n[\/vc_column_text][vc_column_text]\n<h3 style=\"text-align: justify;\"><strong>Dades de contacte per exgercir els seus drets<\/strong>:<\/h3>\n<p style=\"text-align: justify;\">BRIDGE4MOBILITY, S.L.<br \/>\nCarrer Jaume Balmes 37, 3\u00aa, 08301 MATAR\u00d3 (BARCELONA).<br \/>\n<a href=\"mailto:INFO@BRIDGE4MOBILITY.COM\">Email: INFO@BRIDGE4MOBILITY.COM<\/a><\/p>\n[\/vc_column_text][\/vc_column][\/vc_row]\n","protected":false},"excerpt":{"rendered":"<p>[vc_row][vc_column][vc_column_text] BRIDGE4MOBILITY, S.L. \u00e9s el Responsable del tracte de les dades personals de l\u2019Interessat i li informa que aquestes dades ser\u00e1n tractades amb conformitat amb el disposat a les normatives vigents en protecci\u00f3n de dades personals, el Reglament (UE) 2016\/679 de 27 d\u2019abril de 2016 (GDPR), pel qual se li facilita la seg\u00fcent informaci\u00f3n del<\/p>\n","protected":false},"author":1,"featured_media":0,"parent":0,"menu_order":0,"comment_status":"closed","ping_status":"closed","template":"","meta":[],"yoast_head":"<!-- This site is optimized with the Yoast SEO plugin v19.13 - https:\/\/yoast.com\/wordpress\/plugins\/seo\/ -->\n<title>Inscripci\u00f3 - pol\u00edtica de privacitat - Bridge4Mobility<\/title>\n<meta name=\"robots\" content=\"noindex, nofollow\" \/>\n<meta property=\"og:locale\" content=\"ca_ES\" \/>\n<meta property=\"og:type\" content=\"article\" \/>\n<meta property=\"og:title\" content=\"Inscripci\u00f3 - pol\u00edtica de privacitat - Bridge4Mobility\" \/>\n<meta property=\"og:description\" content=\"[vc_row][vc_column][vc_column_text] BRIDGE4MOBILITY, S.L. \u00e9s el Responsable del tracte de les dades personals de l\u2019Interessat i li informa que aquestes dades ser\u00e1n tractades amb conformitat amb el disposat a les normatives vigents en protecci\u00f3n de dades personals, el Reglament (UE) 2016\/679 de 27 d\u2019abril de 2016 (GDPR), pel qual se li facilita la seg\u00fcent informaci\u00f3n del\" \/>\n<meta property=\"og:url\" content=\"https:\/\/www.bridge4mobility.com\/ca\/inscripcio-privacitat\/\" \/>\n<meta property=\"og:site_name\" content=\"Bridge4Mobility\" \/>\n<meta property=\"article:modified_time\" content=\"2024-06-18T14:29:59+00:00\" \/>\n<meta name=\"twitter:label1\" content=\"Temps estimat de lectura\" \/>\n\t<meta name=\"twitter:data1\" content=\"2 minuts\" \/>\n<script type=\"application\/ld+json\" class=\"yoast-schema-graph\">{\"@context\":\"https:\/\/schema.org\",\"@graph\":[{\"@type\":\"WebPage\",\"@id\":\"https:\/\/www.bridge4mobility.com\/ca\/inscripcio-privacitat\/\",\"url\":\"https:\/\/www.bridge4mobility.com\/ca\/inscripcio-privacitat\/\",\"name\":\"Inscripci\u00f3 - pol\u00edtica de privacitat - Bridge4Mobility\",\"isPartOf\":{\"@id\":\"https:\/\/www.bridge4mobility.com\/de\/#website\"},\"datePublished\":\"2018-10-29T10:05:00+00:00\",\"dateModified\":\"2024-06-18T14:29:59+00:00\",\"breadcrumb\":{\"@id\":\"https:\/\/www.bridge4mobility.com\/ca\/inscripcio-privacitat\/#breadcrumb\"},\"inLanguage\":\"ca\",\"potentialAction\":[{\"@type\":\"ReadAction\",\"target\":[\"https:\/\/www.bridge4mobility.com\/ca\/inscripcio-privacitat\/\"]}]},{\"@type\":\"BreadcrumbList\",\"@id\":\"https:\/\/www.bridge4mobility.com\/ca\/inscripcio-privacitat\/#breadcrumb\",\"itemListElement\":[{\"@type\":\"ListItem\",\"position\":1,\"name\":\"Home\",\"item\":\"https:\/\/www.bridge4mobility.com\/ca\/\"},{\"@type\":\"ListItem\",\"position\":2,\"name\":\"Inscripci\u00f3 &#8211; pol\u00edtica de privacitat\"}]},{\"@type\":\"WebSite\",\"@id\":\"https:\/\/www.bridge4mobility.com\/de\/#website\",\"url\":\"https:\/\/www.bridge4mobility.com\/de\/\",\"name\":\"Bridge4Mobility\",\"description\":\"Qualifizierte Fachkr\u00e4fte aus Spanien\",\"potentialAction\":[{\"@type\":\"SearchAction\",\"target\":{\"@type\":\"EntryPoint\",\"urlTemplate\":\"https:\/\/www.bridge4mobility.com\/de\/?s={search_term_string}\"},\"query-input\":\"required name=search_term_string\"}],\"inLanguage\":\"ca\"}]}<\/script>\n<!-- \/ Yoast SEO plugin. -->","yoast_head_json":{"title":"Inscripci\u00f3 - pol\u00edtica de privacitat - Bridge4Mobility","robots":{"index":"noindex","follow":"nofollow"},"og_locale":"ca_ES","og_type":"article","og_title":"Inscripci\u00f3 - pol\u00edtica de privacitat - Bridge4Mobility","og_description":"[vc_row][vc_column][vc_column_text] BRIDGE4MOBILITY, S.L. \u00e9s el Responsable del tracte de les dades personals de l\u2019Interessat i li informa que aquestes dades ser\u00e1n tractades amb conformitat amb el disposat a les normatives vigents en protecci\u00f3n de dades personals, el Reglament (UE) 2016\/679 de 27 d\u2019abril de 2016 (GDPR), pel qual se li facilita la seg\u00fcent informaci\u00f3n del","og_url":"https:\/\/www.bridge4mobility.com\/ca\/inscripcio-privacitat\/","og_site_name":"Bridge4Mobility","article_modified_time":"2024-06-18T14:29:59+00:00","twitter_misc":{"Temps estimat de lectura":"2 minuts"},"schema":{"@context":"https:\/\/schema.org","@graph":[{"@type":"WebPage","@id":"https:\/\/www.bridge4mobility.com\/ca\/inscripcio-privacitat\/","url":"https:\/\/www.bridge4mobility.com\/ca\/inscripcio-privacitat\/","name":"Inscripci\u00f3 - pol\u00edtica de privacitat - Bridge4Mobility","isPartOf":{"@id":"https:\/\/www.bridge4mobility.com\/de\/#website"},"datePublished":"2018-10-29T10:05:00+00:00","dateModified":"2024-06-18T14:29:59+00:00","breadcrumb":{"@id":"https:\/\/www.bridge4mobility.com\/ca\/inscripcio-privacitat\/#breadcrumb"},"inLanguage":"ca","potentialAction":[{"@type":"ReadAction","target":["https:\/\/www.bridge4mobility.com\/ca\/inscripcio-privacitat\/"]}]},{"@type":"BreadcrumbList","@id":"https:\/\/www.bridge4mobility.com\/ca\/inscripcio-privacitat\/#breadcrumb","itemListElement":[{"@type":"ListItem","position":1,"name":"Home","item":"https:\/\/www.bridge4mobility.com\/ca\/"},{"@type":"ListItem","position":2,"name":"Inscripci\u00f3 &#8211; pol\u00edtica de privacitat"}]},{"@type":"WebSite","@id":"https:\/\/www.bridge4mobility.com\/de\/#website","url":"https:\/\/www.bridge4mobility.com\/de\/","name":"Bridge4Mobility","description":"Qualifizierte Fachkr\u00e4fte aus Spanien","potentialAction":[{"@type":"SearchAction","target":{"@type":"EntryPoint","urlTemplate":"https:\/\/www.bridge4mobility.com\/de\/?s={search_term_string}"},"query-input":"required name=search_term_string"}],"inLanguage":"ca"}]}},"_links":{"self":[{"href":"https:\/\/www.bridge4mobility.com\/ca\/wp-json\/wp\/v2\/pages\/8380"}],"collection":[{"href":"https:\/\/www.bridge4mobility.com\/ca\/wp-json\/wp\/v2\/pages"}],"about":[{"href":"https:\/\/www.bridge4mobility.com\/ca\/wp-json\/wp\/v2\/types\/page"}],"author":[{"embeddable":true,"href":"https:\/\/www.bridge4mobility.com\/ca\/wp-json\/wp\/v2\/users\/1"}],"replies":[{"embeddable":true,"href":"https:\/\/www.bridge4mobility.com\/ca\/wp-json\/wp\/v2\/comments?post=8380"}],"version-history":[{"count":2,"href":"https:\/\/www.bridge4mobility.com\/ca\/wp-json\/wp\/v2\/pages\/8380\/revisions"}],"predecessor-version":[{"id":12723,"href":"https:\/\/www.bridge4mobility.com\/ca\/wp-json\/wp\/v2\/pages\/8380\/revisions\/12723"}],"wp:attachment":[{"href":"https:\/\/www.bridge4mobility.com\/ca\/wp-json\/wp\/v2\/media?parent=8380"}],"curies":[{"name":"wp","href":"https:\/\/api.w.org\/{rel}","templated":true}]}}